{"id":7036,"date":"2024-01-12T10:27:03","date_gmt":"2024-01-12T10:27:03","guid":{"rendered":"https:\/\/federatiedilbeek.be\/?page_id=7036"},"modified":"2026-01-21T12:01:06","modified_gmt":"2026-01-21T12:01:06","slug":"van-doop-naar-communie-wij-steken-de-verjaardagskaarsen-aan-op-de-zevenarmige-kandelaar","status":"publish","type":"page","link":"https:\/\/federatiedilbeek.be\/index.php\/van-doop-naar-communie-wij-steken-de-verjaardagskaarsen-aan-op-de-zevenarmige-kandelaar\/","title":{"rendered":"Van doop naar communie: wij steken de verjaardagskaarsen aan op de zevenarmige kandelaar"},"content":{"rendered":"<p>&nbsp;<\/p>\n<p>&nbsp;<\/p>\n<p><img loading=\"lazy\" decoding=\"async\" class=\"alignleft wp-image-8323\" src=\"https:\/\/federatiedilbeek.be\/wp-content\/uploads\/2025\/07\/kandelaar-225x300.jpg\" alt=\"\" width=\"281\" height=\"375\" srcset=\"https:\/\/federatiedilbeek.be\/wp-content\/uploads\/2025\/07\/kandelaar-225x300.jpg 225w, https:\/\/federatiedilbeek.be\/wp-content\/uploads\/2025\/07\/kandelaar-768x1024.jpg 768w, https:\/\/federatiedilbeek.be\/wp-content\/uploads\/2025\/07\/kandelaar-1152x1536.jpg 1152w, https:\/\/federatiedilbeek.be\/wp-content\/uploads\/2025\/07\/kandelaar-150x200.jpg 150w, https:\/\/federatiedilbeek.be\/wp-content\/uploads\/2025\/07\/kandelaar.jpg 1536w\" sizes=\"auto, (max-width: 281px) 100vw, 281px\" \/>Wij steken de verjaardagskaarsen aan op de zevenarmige kandelaar voor de kinderen die gedoopt werden in de parochies Sint-Ambrosius, Sint-Pieter en Sint- Anna, Sint-Rumoldus, Sint-Gertrudis en<br \/>\nSint-Martinus.<\/p>\n<p>&nbsp;<\/p>\n<p>In de kerk de verjaardag vieren van de jongste gedoopte kinderen is een gelegenheid om contact te houden met het jonge volkje en hun ouders en ook om hen te doen verlangen naar meer, nl. uitkijken naar \u201cde eerste communie\u201d!<br \/>\nWij nodigen de kindjes uit, op de zondag rond hun verjaardag, om naar de viering van 11u in de<br \/>\nSint-Ambrosiuskerk te komen.<br \/>\nWij tellen hoeveel jaren ze al gegaan zijn en hoeveel jaren ze nog te gaan hebben, eer het zover is die eerste communie.<br \/>\nWij steken evenveel kaarsen -als ze oud zijn- aan op de zevenarmige kandelaar om ze dan door hen te laten uitblazen en wij geven een geschenkje mee, zo\u2019n hebbedingetje met knipoog naar de geloofswereld op kindermaat.<\/p>\n<p>&nbsp;<\/p>\n<p>Een mooi toemaatje aan dit initiatief is dat de vaste kerkgangers er ook een warm gevoel bij hebben en steevast voor een donderend applaus zorgen wanneer de jarige zijn kaarsen uitgeblazen krijgt.<br \/>\nWarm welkom aan de jarigen en hun ouders, grootouders, meters, peters, broers, zussen en ook aan eenieder van jullie<\/p>\n<p>&nbsp;<\/p>\n<p style=\"text-align: center;\">catecheseteam: Chris, Christiane, Jos, Marleen, Sarah<\/p>\n<p>&nbsp;<\/p>\n<figure id=\"attachment_9587\" aria-describedby=\"caption-attachment-9587\" style=\"width: 300px\" class=\"wp-caption aligncenter\"><img loading=\"lazy\" decoding=\"async\" class=\"size-medium wp-image-9587\" src=\"https:\/\/federatiedilbeek.be\/wp-content\/uploads\/2026\/01\/foto1-300x110.jpg\" alt=\"\" width=\"300\" height=\"110\" srcset=\"https:\/\/federatiedilbeek.be\/wp-content\/uploads\/2026\/01\/foto1-300x110.jpg 300w, https:\/\/federatiedilbeek.be\/wp-content\/uploads\/2026\/01\/foto1-1024x374.jpg 1024w, https:\/\/federatiedilbeek.be\/wp-content\/uploads\/2026\/01\/foto1-768x281.jpg 768w, https:\/\/federatiedilbeek.be\/wp-content\/uploads\/2026\/01\/foto1-547x200.jpg 547w, https:\/\/federatiedilbeek.be\/wp-content\/uploads\/2026\/01\/foto1-rotated.jpg 1483w\" sizes=\"auto, (max-width: 300px) 100vw, 300px\" \/><figcaption id=\"caption-attachment-9587\" class=\"wp-caption-text\">Stan<br \/>3 jaar<\/figcaption><\/figure>\n<p>&nbsp;<\/p>\n<figure id=\"attachment_9588\" aria-describedby=\"caption-attachment-9588\" style=\"width: 371px\" class=\"wp-caption alignleft\"><img loading=\"lazy\" decoding=\"async\" class=\" wp-image-9588\" src=\"https:\/\/federatiedilbeek.be\/wp-content\/uploads\/2026\/01\/foto2-198x300.jpg\" alt=\"\" width=\"371\" height=\"562\" srcset=\"https:\/\/federatiedilbeek.be\/wp-content\/uploads\/2026\/01\/foto2-198x300.jpg 198w, https:\/\/federatiedilbeek.be\/wp-content\/uploads\/2026\/01\/foto2-132x200.jpg 132w, https:\/\/federatiedilbeek.be\/wp-content\/uploads\/2026\/01\/foto2.jpg 558w\" sizes=\"auto, (max-width: 371px) 100vw, 371px\" \/><figcaption id=\"caption-attachment-9588\" class=\"wp-caption-text\">Stan was op zijn 3de verjaardag onze \u201cspecial guest\u201d in<br \/>Sint-Ambrosius.<\/figcaption><\/figure>\n<figure id=\"attachment_9589\" aria-describedby=\"caption-attachment-9589\" style=\"width: 416px\" class=\"wp-caption alignleft\"><img loading=\"lazy\" decoding=\"async\" class=\" wp-image-9589\" src=\"https:\/\/federatiedilbeek.be\/wp-content\/uploads\/2026\/01\/foto3-225x300.jpg\" alt=\"\" width=\"416\" height=\"555\" srcset=\"https:\/\/federatiedilbeek.be\/wp-content\/uploads\/2026\/01\/foto3-225x300.jpg 225w, https:\/\/federatiedilbeek.be\/wp-content\/uploads\/2026\/01\/foto3-768x1024.jpg 768w, https:\/\/federatiedilbeek.be\/wp-content\/uploads\/2026\/01\/foto3-1152x1536.jpg 1152w, https:\/\/federatiedilbeek.be\/wp-content\/uploads\/2026\/01\/foto3-150x200.jpg 150w, https:\/\/federatiedilbeek.be\/wp-content\/uploads\/2026\/01\/foto3.jpg 1536w\" sizes=\"auto, (max-width: 416px) 100vw, 416px\" \/><figcaption id=\"caption-attachment-9589\" class=\"wp-caption-text\">Een flinke kleuter die<br \/>met gemak 3 grote<br \/>kaarsen kon uitblazen<\/figcaption><\/figure>\n<figure id=\"attachment_9591\" aria-describedby=\"caption-attachment-9591\" style=\"width: 423px\" class=\"wp-caption alignleft\"><img loading=\"lazy\" decoding=\"async\" class=\" wp-image-9591\" src=\"https:\/\/federatiedilbeek.be\/wp-content\/uploads\/2026\/01\/foto4--229x300.jpg\" alt=\"\" width=\"423\" height=\"555\" srcset=\"https:\/\/federatiedilbeek.be\/wp-content\/uploads\/2026\/01\/foto4--229x300.jpg 229w, https:\/\/federatiedilbeek.be\/wp-content\/uploads\/2026\/01\/foto4--780x1024.jpg 780w, https:\/\/federatiedilbeek.be\/wp-content\/uploads\/2026\/01\/foto4--768x1008.jpg 768w, https:\/\/federatiedilbeek.be\/wp-content\/uploads\/2026\/01\/foto4--1170x1536.jpg 1170w, https:\/\/federatiedilbeek.be\/wp-content\/uploads\/2026\/01\/foto4--152x200.jpg 152w, https:\/\/federatiedilbeek.be\/wp-content\/uploads\/2026\/01\/foto4-.jpg 1190w\" sizes=\"auto, (max-width: 423px) 100vw, 423px\" \/><figcaption id=\"caption-attachment-9591\" class=\"wp-caption-text\">En het mooiste moment\u2026.. zijn verwondering en de<br \/>welgemeende \u201cdankjewel\u201d toen hij<br \/>van pater Mark zijn van Pater Mark zijn cadeautje kreeg<\/figcaption><\/figure>\n<p>&nbsp;<\/p>\n<p>&nbsp;<\/p>\n<p>&nbsp;<\/p>\n<p>&nbsp;<\/p>\n<p>&nbsp;<\/p>\n<p>&nbsp;<\/p>\n<p>&nbsp;<\/p>\n<p>&nbsp;<\/p>\n<p>&nbsp;<\/p>\n<p>&nbsp;<\/p>\n<p>&nbsp;<\/p>\n<p>&nbsp;<\/p>\n<p>&nbsp;<\/p>\n<p>&nbsp;<\/p>\n<p>&nbsp;<\/p>\n<p>&nbsp;<\/p>\n<p>&nbsp;<\/p>\n<p>&nbsp;<\/p>\n<p>&nbsp;<\/p>\n<p>&nbsp;<\/p>\n<p>&nbsp;<\/p>\n<p>&nbsp;<\/p>\n<p>&nbsp;<\/p>\n<p>&nbsp;<\/p>\n<p>&nbsp;<\/p>\n<p>&nbsp;<\/p>\n<p>&nbsp;<\/p>\n<p>&nbsp;<\/p>\n<p style=\"text-align: left;\">Lieve Stan en mama en papa en ook de grootouders, jullie aanwezigheid deed ons veel plezier!<\/p>\n<p>&nbsp;<\/p>\n<p>&nbsp;<\/p>\n<p>&nbsp;<\/p>\n<p><img loading=\"lazy\" decoding=\"async\" class=\" wp-image-8890 aligncenter\" src=\"https:\/\/federatiedilbeek.be\/wp-content\/uploads\/2025\/10\/foto1-225x300.jpg\" alt=\"\" width=\"256\" height=\"341\" srcset=\"https:\/\/federatiedilbeek.be\/wp-content\/uploads\/2025\/10\/foto1-225x300.jpg 225w, https:\/\/federatiedilbeek.be\/wp-content\/uploads\/2025\/10\/foto1-768x1024.jpg 768w, https:\/\/federatiedilbeek.be\/wp-content\/uploads\/2025\/10\/foto1-1152x1536.jpg 1152w, https:\/\/federatiedilbeek.be\/wp-content\/uploads\/2025\/10\/foto1-150x200.jpg 150w, https:\/\/federatiedilbeek.be\/wp-content\/uploads\/2025\/10\/foto1.jpg 1536w\" sizes=\"auto, (max-width: 256px) 100vw, 256px\" \/><\/p>\n<p>&nbsp;<\/p>\n<p>&nbsp;<\/p>\n<p style=\"text-align: center;\">Aangemoedigd door onze priester Mark, slaagt de 5 jarige Joelz erin om zijn verjaardagskaarsen uit te blazen.<\/p>\n<p>&nbsp;<\/p>\n<p><img loading=\"lazy\" decoding=\"async\" class=\" wp-image-8891 aligncenter\" src=\"https:\/\/federatiedilbeek.be\/wp-content\/uploads\/2025\/10\/foto-2-225x300.jpg\" alt=\"\" width=\"249\" height=\"332\" srcset=\"https:\/\/federatiedilbeek.be\/wp-content\/uploads\/2025\/10\/foto-2-225x300.jpg 225w, https:\/\/federatiedilbeek.be\/wp-content\/uploads\/2025\/10\/foto-2-768x1024.jpg 768w, https:\/\/federatiedilbeek.be\/wp-content\/uploads\/2025\/10\/foto-2-1152x1536.jpg 1152w, https:\/\/federatiedilbeek.be\/wp-content\/uploads\/2025\/10\/foto-2-150x200.jpg 150w, https:\/\/federatiedilbeek.be\/wp-content\/uploads\/2025\/10\/foto-2.jpg 1536w\" sizes=\"auto, (max-width: 249px) 100vw, 249px\" \/><\/p>\n<p style=\"text-align: center;\">Jezus, onze Redder en Maria onze Beschermster kreeg Joelz\u00a0 \u00a0in de vorm van een \u201cichtus\u201d armbandje<\/p>\n<p style=\"text-align: center;\">en een scapulier van Moeder Maria mee naar huis.<\/p>\n<p>&nbsp;<\/p>\n<p>&nbsp;<\/p>\n<p><img loading=\"lazy\" decoding=\"async\" class=\"aligncenter wp-image-8892\" src=\"https:\/\/federatiedilbeek.be\/wp-content\/uploads\/2025\/10\/foto3-492x1024.jpg\" alt=\"\" width=\"313\" height=\"651\" srcset=\"https:\/\/federatiedilbeek.be\/wp-content\/uploads\/2025\/10\/foto3-492x1024.jpg 492w, https:\/\/federatiedilbeek.be\/wp-content\/uploads\/2025\/10\/foto3-144x300.jpg 144w, https:\/\/federatiedilbeek.be\/wp-content\/uploads\/2025\/10\/foto3-768x1599.jpg 768w, https:\/\/federatiedilbeek.be\/wp-content\/uploads\/2025\/10\/foto3-738x1536.jpg 738w, https:\/\/federatiedilbeek.be\/wp-content\/uploads\/2025\/10\/foto3-96x200.jpg 96w, https:\/\/federatiedilbeek.be\/wp-content\/uploads\/2025\/10\/foto3.jpg 788w\" sizes=\"auto, (max-width: 313px) 100vw, 313px\" \/><\/p>\n<p style=\"text-align: center;\">God zegene en beware je Joelz! Het gaat jou en je familie goed!<\/p>\n<p>&nbsp;<\/p>\n<p>&nbsp;<\/p>\n<p>&nbsp;<\/p>\n<p>&nbsp;<\/p>\n<p>&nbsp;<\/p>\n<p>&nbsp;<\/p>\n<p>&nbsp;<\/p>\n<p>&nbsp;<\/p>\n<p>&nbsp;<\/p>\n<p>&nbsp;<\/p>\n<p><img loading=\"lazy\" decoding=\"async\" class=\"size-medium wp-image-8741 alignleft\" src=\"https:\/\/federatiedilbeek.be\/wp-content\/uploads\/2025\/09\/foto1-214x300.jpg\" alt=\"\" width=\"214\" height=\"300\" srcset=\"https:\/\/federatiedilbeek.be\/wp-content\/uploads\/2025\/09\/foto1-214x300.jpg 214w, https:\/\/federatiedilbeek.be\/wp-content\/uploads\/2025\/09\/foto1-732x1024.jpg 732w, https:\/\/federatiedilbeek.be\/wp-content\/uploads\/2025\/09\/foto1-768x1075.jpg 768w, https:\/\/federatiedilbeek.be\/wp-content\/uploads\/2025\/09\/foto1-1098x1536.jpg 1098w, https:\/\/federatiedilbeek.be\/wp-content\/uploads\/2025\/09\/foto1-143x200.jpg 143w, https:\/\/federatiedilbeek.be\/wp-content\/uploads\/2025\/09\/foto1.jpg 1259w\" sizes=\"auto, (max-width: 214px) 100vw, 214px\" \/> <img loading=\"lazy\" decoding=\"async\" class=\"size-medium wp-image-8742 alignleft\" src=\"https:\/\/federatiedilbeek.be\/wp-content\/uploads\/2025\/09\/foto2-1-225x300.jpg\" alt=\"\" width=\"225\" height=\"300\" srcset=\"https:\/\/federatiedilbeek.be\/wp-content\/uploads\/2025\/09\/foto2-1-225x300.jpg 225w, https:\/\/federatiedilbeek.be\/wp-content\/uploads\/2025\/09\/foto2-1-768x1024.jpg 768w, https:\/\/federatiedilbeek.be\/wp-content\/uploads\/2025\/09\/foto2-1-1152x1536.jpg 1152w, https:\/\/federatiedilbeek.be\/wp-content\/uploads\/2025\/09\/foto2-1-150x200.jpg 150w, https:\/\/federatiedilbeek.be\/wp-content\/uploads\/2025\/09\/foto2-1.jpg 1536w\" sizes=\"auto, (max-width: 225px) 100vw, 225px\" \/><\/p>\n<p>&nbsp;<\/p>\n<p>&nbsp;<\/p>\n<p>&nbsp;<\/p>\n<p>Proficiat Eline, je mag de 7 kaarsen uitblazen!<\/p>\n<p>&nbsp;<\/p>\n<p>&nbsp;<\/p>\n<p>&nbsp;<\/p>\n<p>&nbsp;<\/p>\n<p>&nbsp;<\/p>\n<p>&nbsp;<\/p>\n<p>&nbsp;<\/p>\n<p>&nbsp;<\/p>\n<p><img loading=\"lazy\" decoding=\"async\" class=\"size-medium wp-image-8744 alignleft\" src=\"https:\/\/federatiedilbeek.be\/wp-content\/uploads\/2025\/09\/foto3-1-185x300.jpg\" alt=\"\" width=\"185\" height=\"300\" srcset=\"https:\/\/federatiedilbeek.be\/wp-content\/uploads\/2025\/09\/foto3-1-185x300.jpg 185w, https:\/\/federatiedilbeek.be\/wp-content\/uploads\/2025\/09\/foto3-1-633x1024.jpg 633w, https:\/\/federatiedilbeek.be\/wp-content\/uploads\/2025\/09\/foto3-1-768x1243.jpg 768w, https:\/\/federatiedilbeek.be\/wp-content\/uploads\/2025\/09\/foto3-1-949x1536.jpg 949w, https:\/\/federatiedilbeek.be\/wp-content\/uploads\/2025\/09\/foto3-1-124x200.jpg 124w, https:\/\/federatiedilbeek.be\/wp-content\/uploads\/2025\/09\/foto3-1.jpg 1265w\" sizes=\"auto, (max-width: 185px) 100vw, 185px\" \/><\/p>\n<p>&nbsp;<\/p>\n<p>&nbsp;<\/p>\n<p>Volgend jaar vieren we samen in de kerk jouw Eerste Communie!<\/p>\n<p>Net zoals jij kijken we daar naar uit!<\/p>\n<p>Met dit armbandje met het Onze Vader op kan je starten aan jouw voorbereidingsjaar!\u00a0 <img loading=\"lazy\" decoding=\"async\" class=\"size-medium wp-image-8745 alignnone\" src=\"https:\/\/federatiedilbeek.be\/wp-content\/uploads\/2025\/09\/foto4-1-128x300.jpg\" alt=\"\" width=\"128\" height=\"300\" srcset=\"https:\/\/federatiedilbeek.be\/wp-content\/uploads\/2025\/09\/foto4-1-128x300.jpg 128w, https:\/\/federatiedilbeek.be\/wp-content\/uploads\/2025\/09\/foto4-1-437x1024.jpg 437w, https:\/\/federatiedilbeek.be\/wp-content\/uploads\/2025\/09\/foto4-1-768x1800.jpg 768w, https:\/\/federatiedilbeek.be\/wp-content\/uploads\/2025\/09\/foto4-1-656x1536.jpg 656w, https:\/\/federatiedilbeek.be\/wp-content\/uploads\/2025\/09\/foto4-1-85x200.jpg 85w, https:\/\/federatiedilbeek.be\/wp-content\/uploads\/2025\/09\/foto4-1.jpg 874w\" sizes=\"auto, (max-width: 128px) 100vw, 128px\" \/><\/p>\n<p>&nbsp;<\/p>\n<p>&nbsp;<\/p>\n<p>&nbsp;<\/p>\n<p>&nbsp;<\/p>\n<p>&nbsp;<\/p>\n<p>&nbsp;<\/p>\n<p>&nbsp;<\/p>\n<p>&nbsp;<\/p>\n<p>&nbsp;<\/p>\n<p>&nbsp;<\/p>\n<p>&nbsp;<\/p>\n<p>&nbsp;<\/p>\n<p>In Sint-Ambrosius vierden we\u00a0 de tweede verjaardag van Estelle.\u2026. uiterst links op de zevenarmige kandelaar een kaarsje uitblazen\u2026 \u2026.en uiterst rechts een kaarsje uitblazen\u2026.dat lukte wonderwel!<\/p>\n<p>&nbsp;<\/p>\n<p><img loading=\"lazy\" decoding=\"async\" class=\" wp-image-8543 alignnone\" src=\"https:\/\/federatiedilbeek.be\/wp-content\/uploads\/2025\/09\/foto-1-225x300.jpg\" alt=\"\" width=\"310\" height=\"413\" srcset=\"https:\/\/federatiedilbeek.be\/wp-content\/uploads\/2025\/09\/foto-1-225x300.jpg 225w, https:\/\/federatiedilbeek.be\/wp-content\/uploads\/2025\/09\/foto-1-768x1024.jpg 768w, https:\/\/federatiedilbeek.be\/wp-content\/uploads\/2025\/09\/foto-1-1152x1536.jpg 1152w, https:\/\/federatiedilbeek.be\/wp-content\/uploads\/2025\/09\/foto-1-150x200.jpg 150w, https:\/\/federatiedilbeek.be\/wp-content\/uploads\/2025\/09\/foto-1.jpg 1536w\" sizes=\"auto, (max-width: 310px) 100vw, 310px\" \/>\u00a0 \u00a0 \u00a0 \u00a0 \u00a0 \u00a0 <img loading=\"lazy\" decoding=\"async\" class=\"alignnone wp-image-8544\" src=\"https:\/\/federatiedilbeek.be\/wp-content\/uploads\/2025\/09\/foto2-213x300.jpg\" alt=\"\" width=\"292\" height=\"411\" srcset=\"https:\/\/federatiedilbeek.be\/wp-content\/uploads\/2025\/09\/foto2-213x300.jpg 213w, https:\/\/federatiedilbeek.be\/wp-content\/uploads\/2025\/09\/foto2-727x1024.jpg 727w, https:\/\/federatiedilbeek.be\/wp-content\/uploads\/2025\/09\/foto2-768x1082.jpg 768w, https:\/\/federatiedilbeek.be\/wp-content\/uploads\/2025\/09\/foto2-1091x1536.jpg 1091w, https:\/\/federatiedilbeek.be\/wp-content\/uploads\/2025\/09\/foto2-142x200.jpg 142w, https:\/\/federatiedilbeek.be\/wp-content\/uploads\/2025\/09\/foto2.jpg 1401w\" sizes=\"auto, (max-width: 292px) 100vw, 292px\" \/>\u00a0 \u00a0 \u00a0 \u00a0 \u00a0 \u00a0 \u00a0 \u00a0<img loading=\"lazy\" decoding=\"async\" class=\"alignnone wp-image-8545\" src=\"https:\/\/federatiedilbeek.be\/wp-content\/uploads\/2025\/09\/foto3-225x300.jpg\" alt=\"\" width=\"306\" height=\"408\" srcset=\"https:\/\/federatiedilbeek.be\/wp-content\/uploads\/2025\/09\/foto3-225x300.jpg 225w, https:\/\/federatiedilbeek.be\/wp-content\/uploads\/2025\/09\/foto3-768x1024.jpg 768w, https:\/\/federatiedilbeek.be\/wp-content\/uploads\/2025\/09\/foto3-1152x1536.jpg 1152w, https:\/\/federatiedilbeek.be\/wp-content\/uploads\/2025\/09\/foto3-150x200.jpg 150w, https:\/\/federatiedilbeek.be\/wp-content\/uploads\/2025\/09\/foto3.jpg 1536w\" sizes=\"auto, (max-width: 306px) 100vw, 306px\" \/><\/p>\n<p>&nbsp;<\/p>\n<p>&nbsp;<\/p>\n<p>&nbsp;<\/p>\n<p>&nbsp;<\/p>\n<p style=\"text-align: center;\"><img loading=\"lazy\" decoding=\"async\" class=\"size-large wp-image-8546 aligncenter\" src=\"https:\/\/federatiedilbeek.be\/wp-content\/uploads\/2025\/09\/foto4-540x1024.jpg\" alt=\"\" width=\"540\" height=\"1024\" srcset=\"https:\/\/federatiedilbeek.be\/wp-content\/uploads\/2025\/09\/foto4-540x1024.jpg 540w, https:\/\/federatiedilbeek.be\/wp-content\/uploads\/2025\/09\/foto4-158x300.jpg 158w, https:\/\/federatiedilbeek.be\/wp-content\/uploads\/2025\/09\/foto4-768x1456.jpg 768w, https:\/\/federatiedilbeek.be\/wp-content\/uploads\/2025\/09\/foto4-810x1536.jpg 810w, https:\/\/federatiedilbeek.be\/wp-content\/uploads\/2025\/09\/foto4-105x200.jpg 105w, https:\/\/federatiedilbeek.be\/wp-content\/uploads\/2025\/09\/foto4.jpg 1080w\" sizes=\"auto, (max-width: 540px) 100vw, 540px\" \/>\u00a0PROFICIAT aan Estelle en aan papa Dries en mama Annelies!!<\/p>\n<p>&nbsp;<\/p>\n<p>&nbsp;<\/p>\n<p>&nbsp;<\/p>\n<p>&nbsp;<\/p>\n<p>&nbsp;<\/p>\n<p>&nbsp;<\/p>\n<hr \/>\n<p><img loading=\"lazy\" decoding=\"async\" class=\"size-medium wp-image-8325 alignleft\" src=\"https:\/\/federatiedilbeek.be\/wp-content\/uploads\/2025\/07\/foto1-225x300.jpg\" alt=\"\" width=\"225\" height=\"300\" srcset=\"https:\/\/federatiedilbeek.be\/wp-content\/uploads\/2025\/07\/foto1-225x300.jpg 225w, https:\/\/federatiedilbeek.be\/wp-content\/uploads\/2025\/07\/foto1-768x1024.jpg 768w, https:\/\/federatiedilbeek.be\/wp-content\/uploads\/2025\/07\/foto1-1152x1536.jpg 1152w, https:\/\/federatiedilbeek.be\/wp-content\/uploads\/2025\/07\/foto1-150x200.jpg 150w, https:\/\/federatiedilbeek.be\/wp-content\/uploads\/2025\/07\/foto1.jpg 1536w\" sizes=\"auto, (max-width: 225px) 100vw, 225px\" \/> <img loading=\"lazy\" decoding=\"async\" class=\"alignleft size-medium wp-image-8326\" src=\"https:\/\/federatiedilbeek.be\/wp-content\/uploads\/2025\/07\/foto2-225x300.jpg\" alt=\"\" width=\"225\" height=\"300\" srcset=\"https:\/\/federatiedilbeek.be\/wp-content\/uploads\/2025\/07\/foto2-225x300.jpg 225w, https:\/\/federatiedilbeek.be\/wp-content\/uploads\/2025\/07\/foto2-768x1024.jpg 768w, https:\/\/federatiedilbeek.be\/wp-content\/uploads\/2025\/07\/foto2-1152x1536.jpg 1152w, https:\/\/federatiedilbeek.be\/wp-content\/uploads\/2025\/07\/foto2-150x200.jpg 150w, https:\/\/federatiedilbeek.be\/wp-content\/uploads\/2025\/07\/foto2.jpg 1536w\" sizes=\"auto, (max-width: 225px) 100vw, 225px\" \/><\/p>\n<p>&nbsp;<\/p>\n<p>Een mooie knuffel legden we klaar&#8230;&#8230;<\/p>\n<p>&#8230;want Lily wordt 2 jaar!<\/p>\n<p>&nbsp;<\/p>\n<p>&nbsp;<\/p>\n<p>&nbsp;<\/p>\n<p>&nbsp;<\/p>\n<p>&nbsp;<\/p>\n<p>&nbsp;<\/p>\n<p>&nbsp;<\/p>\n<p>&nbsp;<\/p>\n<p>&nbsp;<\/p>\n<p>Niets mooier dan een kinderlach!<img loading=\"lazy\" decoding=\"async\" class=\"size-medium wp-image-8327 alignleft\" src=\"https:\/\/federatiedilbeek.be\/wp-content\/uploads\/2025\/07\/foto3-225x300.jpg\" alt=\"\" width=\"225\" height=\"300\" srcset=\"https:\/\/federatiedilbeek.be\/wp-content\/uploads\/2025\/07\/foto3-225x300.jpg 225w, https:\/\/federatiedilbeek.be\/wp-content\/uploads\/2025\/07\/foto3-768x1024.jpg 768w, https:\/\/federatiedilbeek.be\/wp-content\/uploads\/2025\/07\/foto3-1152x1536.jpg 1152w, https:\/\/federatiedilbeek.be\/wp-content\/uploads\/2025\/07\/foto3-150x200.jpg 150w, https:\/\/federatiedilbeek.be\/wp-content\/uploads\/2025\/07\/foto3.jpg 1536w\" sizes=\"auto, (max-width: 225px) 100vw, 225px\" \/>\u00a0 \u00a0 \u00a0 \u00a0 \u00a0 \u00a0 \u00a0 \u00a0 \u00a0 <img loading=\"lazy\" decoding=\"async\" class=\"size-medium wp-image-8328 alignnone\" src=\"https:\/\/federatiedilbeek.be\/wp-content\/uploads\/2025\/07\/foto4-251x300.jpg\" alt=\"\" width=\"251\" height=\"300\" srcset=\"https:\/\/federatiedilbeek.be\/wp-content\/uploads\/2025\/07\/foto4-251x300.jpg 251w, https:\/\/federatiedilbeek.be\/wp-content\/uploads\/2025\/07\/foto4-856x1024.jpg 856w, https:\/\/federatiedilbeek.be\/wp-content\/uploads\/2025\/07\/foto4-768x918.jpg 768w, https:\/\/federatiedilbeek.be\/wp-content\/uploads\/2025\/07\/foto4-1285x1536.jpg 1285w, https:\/\/federatiedilbeek.be\/wp-content\/uploads\/2025\/07\/foto4-167x200.jpg 167w, https:\/\/federatiedilbeek.be\/wp-content\/uploads\/2025\/07\/foto4.jpg 1401w\" sizes=\"auto, (max-width: 251px) 100vw, 251px\" \/>\u00a0 Tot ziens Lily en een fijne dag<\/p>\n<p>&nbsp;<\/p>\n<p>&nbsp;<\/p>\n<hr \/>\n<hr \/>\n<p>&nbsp;<\/p>\n<p style=\"text-align: center;\">Alle kaarsen mogen branden! Daniel wordt 7!<\/p>\n<p><img loading=\"lazy\" decoding=\"async\" class=\"aligncenter wp-image-8332\" src=\"https:\/\/federatiedilbeek.be\/wp-content\/uploads\/2025\/07\/kandelaar1-768x1024.jpg\" alt=\"\" width=\"657\" height=\"876\" srcset=\"https:\/\/federatiedilbeek.be\/wp-content\/uploads\/2025\/07\/kandelaar1-768x1024.jpg 768w, https:\/\/federatiedilbeek.be\/wp-content\/uploads\/2025\/07\/kandelaar1-225x300.jpg 225w, https:\/\/federatiedilbeek.be\/wp-content\/uploads\/2025\/07\/kandelaar1-1152x1536.jpg 1152w, https:\/\/federatiedilbeek.be\/wp-content\/uploads\/2025\/07\/kandelaar1-150x200.jpg 150w, https:\/\/federatiedilbeek.be\/wp-content\/uploads\/2025\/07\/kandelaar1.jpg 1536w\" sizes=\"auto, (max-width: 657px) 100vw, 657px\" \/><\/p>\n<p>&nbsp;<\/p>\n<p>&nbsp;<\/p>\n<p style=\"text-align: center;\">Krachtig en onder het toeziend oog van broer Charly blaast hij \u00e9\u00e9n n\u00e9\u00e9n de 7 kaarsen uit!<\/p>\n<p style=\"text-align: center;\"><img loading=\"lazy\" decoding=\"async\" class=\"aligncenter wp-image-8334\" src=\"https:\/\/federatiedilbeek.be\/wp-content\/uploads\/2025\/07\/foto2-1-562x1024.jpg\" alt=\"\" width=\"388\" height=\"707\" srcset=\"https:\/\/federatiedilbeek.be\/wp-content\/uploads\/2025\/07\/foto2-1-562x1024.jpg 562w, https:\/\/federatiedilbeek.be\/wp-content\/uploads\/2025\/07\/foto2-1-165x300.jpg 165w, https:\/\/federatiedilbeek.be\/wp-content\/uploads\/2025\/07\/foto2-1-768x1399.jpg 768w, https:\/\/federatiedilbeek.be\/wp-content\/uploads\/2025\/07\/foto2-1-843x1536.jpg 843w, https:\/\/federatiedilbeek.be\/wp-content\/uploads\/2025\/07\/foto2-1-110x200.jpg 110w, https:\/\/federatiedilbeek.be\/wp-content\/uploads\/2025\/07\/foto2-1.jpg 1124w\" sizes=\"auto, (max-width: 388px) 100vw, 388px\" \/><\/p>\n<p>&nbsp;<\/p>\n<p>&nbsp;<\/p>\n<p style=\"text-align: left;\">Proficiat Daniel! Het &#8220;Onze Vader&#8221; armbandje is een eerste voorbereiding op je eerste communie!<\/p>\n<p>&nbsp;<\/p>\n<p><img loading=\"lazy\" decoding=\"async\" class=\" wp-image-8336 alignnone\" src=\"https:\/\/federatiedilbeek.be\/wp-content\/uploads\/2025\/07\/foto3-1-787x1024.jpg\" alt=\"\" width=\"494\" height=\"642\" srcset=\"https:\/\/federatiedilbeek.be\/wp-content\/uploads\/2025\/07\/foto3-1-787x1024.jpg 787w, https:\/\/federatiedilbeek.be\/wp-content\/uploads\/2025\/07\/foto3-1-230x300.jpg 230w, https:\/\/federatiedilbeek.be\/wp-content\/uploads\/2025\/07\/foto3-1-768x1000.jpg 768w, https:\/\/federatiedilbeek.be\/wp-content\/uploads\/2025\/07\/foto3-1-1180x1536.jpg 1180w, https:\/\/federatiedilbeek.be\/wp-content\/uploads\/2025\/07\/foto3-1-154x200.jpg 154w, https:\/\/federatiedilbeek.be\/wp-content\/uploads\/2025\/07\/foto3-1.jpg 1531w\" sizes=\"auto, (max-width: 494px) 100vw, 494px\" \/> <img loading=\"lazy\" decoding=\"async\" class=\" wp-image-8337 alignnone\" src=\"https:\/\/federatiedilbeek.be\/wp-content\/uploads\/2025\/07\/foto4-1-768x1024.jpg\" alt=\"\" width=\"481\" height=\"642\" srcset=\"https:\/\/federatiedilbeek.be\/wp-content\/uploads\/2025\/07\/foto4-1-768x1024.jpg 768w, https:\/\/federatiedilbeek.be\/wp-content\/uploads\/2025\/07\/foto4-1-225x300.jpg 225w, https:\/\/federatiedilbeek.be\/wp-content\/uploads\/2025\/07\/foto4-1-1152x1536.jpg 1152w, https:\/\/federatiedilbeek.be\/wp-content\/uploads\/2025\/07\/foto4-1-150x200.jpg 150w, https:\/\/federatiedilbeek.be\/wp-content\/uploads\/2025\/07\/foto4-1.jpg 1536w\" sizes=\"auto, (max-width: 481px) 100vw, 481px\" \/><\/p>\n<p>&nbsp;<\/p>\n<hr \/>\n<hr \/>\n<p>&nbsp;<\/p>\n<p>&nbsp;<\/p>\n","protected":false},"excerpt":{"rendered":"<p>&nbsp; &nbsp; Wij steken de verjaardagskaarsen aan op de zevenarmige kandelaar voor de kinderen die gedoopt werden in de parochies Sint-Ambrosius, Sint-Pieter en Sint- Anna, Sint-Rumoldus, Sint-Gertrudis en Sint-Martinus. &nbsp; In de kerk de verjaardag vieren van de jongste gedoopte kinderen is een gelegenheid om contact te houden met het &hellip;<\/p>\n","protected":false},"author":1,"featured_media":0,"parent":0,"menu_order":0,"comment_status":"closed","ping_status":"closed","template":"","meta":{"footnotes":""},"class_list":["post-7036","page","type-page","status-publish","hentry"],"yoast_head":"<!-- This site is optimized with the Yoast SEO plugin v24.9 - https:\/\/yoast.com\/wordpress\/plugins\/seo\/ -->\n<title>Van doop naar communie: wij steken de verjaardagskaarsen aan op de zevenarmige kandelaar - Zone Dilbeek<\/title>\n<meta name=\"robots\" content=\"index, follow, max-snippet:-1, max-image-preview:large, max-video-preview:-1\" \/>\n<link rel=\"canonical\" href=\"https:\/\/federatiedilbeek.be\/index.php\/van-doop-naar-communie-wij-steken-de-verjaardagskaarsen-aan-op-de-zevenarmige-kandelaar\/\" \/>\n<meta property=\"og:locale\" content=\"nl_BE\" \/>\n<meta property=\"og:type\" content=\"article\" \/>\n<meta property=\"og:title\" content=\"Van doop naar communie: wij steken de verjaardagskaarsen aan op de zevenarmige kandelaar - Zone Dilbeek\" \/>\n<meta property=\"og:description\" content=\"&nbsp; &nbsp; Wij steken de verjaardagskaarsen aan op de zevenarmige kandelaar voor de kinderen die gedoopt werden in de parochies Sint-Ambrosius, Sint-Pieter en Sint- Anna, Sint-Rumoldus, Sint-Gertrudis en Sint-Martinus. &nbsp; In de kerk de verjaardag vieren van de jongste gedoopte kinderen is een gelegenheid om contact te houden met het &hellip;\" \/>\n<meta property=\"og:url\" content=\"https:\/\/federatiedilbeek.be\/index.php\/van-doop-naar-communie-wij-steken-de-verjaardagskaarsen-aan-op-de-zevenarmige-kandelaar\/\" \/>\n<meta property=\"og:site_name\" content=\"Zone Dilbeek\" \/>\n<meta property=\"article:modified_time\" content=\"2026-01-21T12:01:06+00:00\" \/>\n<meta property=\"og:image\" content=\"https:\/\/federatiedilbeek.be\/wp-content\/uploads\/2025\/07\/kandelaar.jpg\" \/>\n\t<meta property=\"og:image:width\" content=\"1536\" \/>\n\t<meta property=\"og:image:height\" content=\"2048\" \/>\n\t<meta property=\"og:image:type\" content=\"image\/jpeg\" \/>\n<meta name=\"twitter:card\" content=\"summary_large_image\" \/>\n<meta name=\"twitter:label1\" content=\"Geschatte leestijd\" \/>\n\t<meta name=\"twitter:data1\" content=\"8 minuten\" \/>\n<script type=\"application\/ld+json\" class=\"yoast-schema-graph\">{\"@context\":\"https:\/\/schema.org\",\"@graph\":[{\"@type\":\"WebPage\",\"@id\":\"https:\/\/federatiedilbeek.be\/index.php\/van-doop-naar-communie-wij-steken-de-verjaardagskaarsen-aan-op-de-zevenarmige-kandelaar\/\",\"url\":\"https:\/\/federatiedilbeek.be\/index.php\/van-doop-naar-communie-wij-steken-de-verjaardagskaarsen-aan-op-de-zevenarmige-kandelaar\/\",\"name\":\"Van doop naar communie: wij steken de verjaardagskaarsen aan op de zevenarmige kandelaar - Zone Dilbeek\",\"isPartOf\":{\"@id\":\"https:\/\/federatiedilbeek.be\/#website\"},\"primaryImageOfPage\":{\"@id\":\"https:\/\/federatiedilbeek.be\/index.php\/van-doop-naar-communie-wij-steken-de-verjaardagskaarsen-aan-op-de-zevenarmige-kandelaar\/#primaryimage\"},\"image\":{\"@id\":\"https:\/\/federatiedilbeek.be\/index.php\/van-doop-naar-communie-wij-steken-de-verjaardagskaarsen-aan-op-de-zevenarmige-kandelaar\/#primaryimage\"},\"thumbnailUrl\":\"https:\/\/federatiedilbeek.be\/wp-content\/uploads\/2025\/07\/kandelaar-225x300.jpg\",\"datePublished\":\"2024-01-12T10:27:03+00:00\",\"dateModified\":\"2026-01-21T12:01:06+00:00\",\"breadcrumb\":{\"@id\":\"https:\/\/federatiedilbeek.be\/index.php\/van-doop-naar-communie-wij-steken-de-verjaardagskaarsen-aan-op-de-zevenarmige-kandelaar\/#breadcrumb\"},\"inLanguage\":\"nl-BE\",\"potentialAction\":[{\"@type\":\"ReadAction\",\"target\":[\"https:\/\/federatiedilbeek.be\/index.php\/van-doop-naar-communie-wij-steken-de-verjaardagskaarsen-aan-op-de-zevenarmige-kandelaar\/\"]}]},{\"@type\":\"ImageObject\",\"inLanguage\":\"nl-BE\",\"@id\":\"https:\/\/federatiedilbeek.be\/index.php\/van-doop-naar-communie-wij-steken-de-verjaardagskaarsen-aan-op-de-zevenarmige-kandelaar\/#primaryimage\",\"url\":\"https:\/\/federatiedilbeek.be\/wp-content\/uploads\/2025\/07\/kandelaar.jpg\",\"contentUrl\":\"https:\/\/federatiedilbeek.be\/wp-content\/uploads\/2025\/07\/kandelaar.jpg\",\"width\":1536,\"height\":2048},{\"@type\":\"BreadcrumbList\",\"@id\":\"https:\/\/federatiedilbeek.be\/index.php\/van-doop-naar-communie-wij-steken-de-verjaardagskaarsen-aan-op-de-zevenarmige-kandelaar\/#breadcrumb\",\"itemListElement\":[{\"@type\":\"ListItem\",\"position\":1,\"name\":\"Home\",\"item\":\"https:\/\/federatiedilbeek.be\/\"},{\"@type\":\"ListItem\",\"position\":2,\"name\":\"Van doop naar communie: wij steken de verjaardagskaarsen aan op de zevenarmige kandelaar\"}]},{\"@type\":\"WebSite\",\"@id\":\"https:\/\/federatiedilbeek.be\/#website\",\"url\":\"https:\/\/federatiedilbeek.be\/\",\"name\":\"Zone Dilbeek\",\"description\":\"\",\"potentialAction\":[{\"@type\":\"SearchAction\",\"target\":{\"@type\":\"EntryPoint\",\"urlTemplate\":\"https:\/\/federatiedilbeek.be\/?s={search_term_string}\"},\"query-input\":{\"@type\":\"PropertyValueSpecification\",\"valueRequired\":true,\"valueName\":\"search_term_string\"}}],\"inLanguage\":\"nl-BE\"}]}<\/script>\n<!-- \/ Yoast SEO plugin. -->","yoast_head_json":{"title":"Van doop naar communie: wij steken de verjaardagskaarsen aan op de zevenarmige kandelaar - Zone Dilbeek","robots":{"index":"index","follow":"follow","max-snippet":"max-snippet:-1","max-image-preview":"max-image-preview:large","max-video-preview":"max-video-preview:-1"},"canonical":"https:\/\/federatiedilbeek.be\/index.php\/van-doop-naar-communie-wij-steken-de-verjaardagskaarsen-aan-op-de-zevenarmige-kandelaar\/","og_locale":"nl_BE","og_type":"article","og_title":"Van doop naar communie: wij steken de verjaardagskaarsen aan op de zevenarmige kandelaar - Zone Dilbeek","og_description":"&nbsp; &nbsp; Wij steken de verjaardagskaarsen aan op de zevenarmige kandelaar voor de kinderen die gedoopt werden in de parochies Sint-Ambrosius, Sint-Pieter en Sint- Anna, Sint-Rumoldus, Sint-Gertrudis en Sint-Martinus. &nbsp; In de kerk de verjaardag vieren van de jongste gedoopte kinderen is een gelegenheid om contact te houden met het &hellip;","og_url":"https:\/\/federatiedilbeek.be\/index.php\/van-doop-naar-communie-wij-steken-de-verjaardagskaarsen-aan-op-de-zevenarmige-kandelaar\/","og_site_name":"Zone Dilbeek","article_modified_time":"2026-01-21T12:01:06+00:00","og_image":[{"width":1536,"height":2048,"url":"https:\/\/federatiedilbeek.be\/wp-content\/uploads\/2025\/07\/kandelaar.jpg","type":"image\/jpeg"}],"twitter_card":"summary_large_image","twitter_misc":{"Geschatte leestijd":"8 minuten"},"schema":{"@context":"https:\/\/schema.org","@graph":[{"@type":"WebPage","@id":"https:\/\/federatiedilbeek.be\/index.php\/van-doop-naar-communie-wij-steken-de-verjaardagskaarsen-aan-op-de-zevenarmige-kandelaar\/","url":"https:\/\/federatiedilbeek.be\/index.php\/van-doop-naar-communie-wij-steken-de-verjaardagskaarsen-aan-op-de-zevenarmige-kandelaar\/","name":"Van doop naar communie: wij steken de verjaardagskaarsen aan op de zevenarmige kandelaar - Zone Dilbeek","isPartOf":{"@id":"https:\/\/federatiedilbeek.be\/#website"},"primaryImageOfPage":{"@id":"https:\/\/federatiedilbeek.be\/index.php\/van-doop-naar-communie-wij-steken-de-verjaardagskaarsen-aan-op-de-zevenarmige-kandelaar\/#primaryimage"},"image":{"@id":"https:\/\/federatiedilbeek.be\/index.php\/van-doop-naar-communie-wij-steken-de-verjaardagskaarsen-aan-op-de-zevenarmige-kandelaar\/#primaryimage"},"thumbnailUrl":"https:\/\/federatiedilbeek.be\/wp-content\/uploads\/2025\/07\/kandelaar-225x300.jpg","datePublished":"2024-01-12T10:27:03+00:00","dateModified":"2026-01-21T12:01:06+00:00","breadcrumb":{"@id":"https:\/\/federatiedilbeek.be\/index.php\/van-doop-naar-communie-wij-steken-de-verjaardagskaarsen-aan-op-de-zevenarmige-kandelaar\/#breadcrumb"},"inLanguage":"nl-BE","potentialAction":[{"@type":"ReadAction","target":["https:\/\/federatiedilbeek.be\/index.php\/van-doop-naar-communie-wij-steken-de-verjaardagskaarsen-aan-op-de-zevenarmige-kandelaar\/"]}]},{"@type":"ImageObject","inLanguage":"nl-BE","@id":"https:\/\/federatiedilbeek.be\/index.php\/van-doop-naar-communie-wij-steken-de-verjaardagskaarsen-aan-op-de-zevenarmige-kandelaar\/#primaryimage","url":"https:\/\/federatiedilbeek.be\/wp-content\/uploads\/2025\/07\/kandelaar.jpg","contentUrl":"https:\/\/federatiedilbeek.be\/wp-content\/uploads\/2025\/07\/kandelaar.jpg","width":1536,"height":2048},{"@type":"BreadcrumbList","@id":"https:\/\/federatiedilbeek.be\/index.php\/van-doop-naar-communie-wij-steken-de-verjaardagskaarsen-aan-op-de-zevenarmige-kandelaar\/#breadcrumb","itemListElement":[{"@type":"ListItem","position":1,"name":"Home","item":"https:\/\/federatiedilbeek.be\/"},{"@type":"ListItem","position":2,"name":"Van doop naar communie: wij steken de verjaardagskaarsen aan op de zevenarmige kandelaar"}]},{"@type":"WebSite","@id":"https:\/\/federatiedilbeek.be\/#website","url":"https:\/\/federatiedilbeek.be\/","name":"Zone Dilbeek","description":"","potentialAction":[{"@type":"SearchAction","target":{"@type":"EntryPoint","urlTemplate":"https:\/\/federatiedilbeek.be\/?s={search_term_string}"},"query-input":{"@type":"PropertyValueSpecification","valueRequired":true,"valueName":"search_term_string"}}],"inLanguage":"nl-BE"}]}},"_links":{"self":[{"href":"https:\/\/federatiedilbeek.be\/index.php\/wp-json\/wp\/v2\/pages\/7036","targetHints":{"allow":["GET"]}}],"collection":[{"href":"https:\/\/federatiedilbeek.be\/index.php\/wp-json\/wp\/v2\/pages"}],"about":[{"href":"https:\/\/federatiedilbeek.be\/index.php\/wp-json\/wp\/v2\/types\/page"}],"author":[{"embeddable":true,"href":"https:\/\/federatiedilbeek.be\/index.php\/wp-json\/wp\/v2\/users\/1"}],"replies":[{"embeddable":true,"href":"https:\/\/federatiedilbeek.be\/index.php\/wp-json\/wp\/v2\/comments?post=7036"}],"version-history":[{"count":51,"href":"https:\/\/federatiedilbeek.be\/index.php\/wp-json\/wp\/v2\/pages\/7036\/revisions"}],"predecessor-version":[{"id":9597,"href":"https:\/\/federatiedilbeek.be\/index.php\/wp-json\/wp\/v2\/pages\/7036\/revisions\/9597"}],"wp:attachment":[{"href":"https:\/\/federatiedilbeek.be\/index.php\/wp-json\/wp\/v2\/media?parent=7036"}],"curies":[{"name":"wp","href":"https:\/\/api.w.org\/{rel}","templated":true}]}}